{"id":531,"date":"2020-05-13T18:09:21","date_gmt":"2020-05-13T16:09:21","guid":{"rendered":"https:\/\/gcesch.lu\/ivoghli\/"},"modified":"2026-03-28T19:05:35","modified_gmt":"2026-03-28T18:05:35","slug":"ivoghli","status":"publish","type":"page","link":"https:\/\/gcesch.lu\/de\/ivoghli\/","title":{"rendered":"Dr Arman Ivoghli | Plastische und \u00c4sthetische Chirurgie"},"content":{"rendered":"<div class=\"wpb-content-wrapper\"><p>[vc_row css_animation=&#8220;&#8220; row_type=&#8220;row&#8220; use_row_as_full_screen_section=&#8220;no&#8220; type=&#8220;grid&#8220; angled_section=&#8220;no&#8220; text_align=&#8220;left&#8220; background_image_as_pattern=&#8220;without_pattern&#8220; row_negative_margin=&#8220;disable_negative_margin&#8220; css=&#8220;.vc_custom_1589393168219{padding-top: 10% !important;padding-bottom: 2% !important;}&#8220; z_index=&#8220;&#8220;][vc_column width=&#8220;1\/2&#8243;][vc_column_text]<\/p>\n<h1><span style=\"color: #25c4d3;\">DR ARMAN IVOGHLI<\/span><\/h1>\n<p>[\/vc_column_text][vc_empty_space height=&#8220;5px&#8220;][vc_column_text]<\/p>\n<h2><a href=\"https:\/\/gcesch.lu\/de\/plastique\/\">Facharzt f\u00fcr Plastische und \u00c4sthetische Chirurgie<\/a><\/h2>\n<p>[\/vc_column_text][\/vc_column][vc_column width=&#8220;1\/2&#8243;][\/vc_column][\/vc_row][vc_row css_animation=&#8220;&#8220; row_type=&#8220;row&#8220; use_row_as_full_screen_section=&#8220;no&#8220; type=&#8220;full_width&#8220; angled_section=&#8220;no&#8220; text_align=&#8220;left&#8220; background_image_as_pattern=&#8220;without_pattern&#8220; z_index=&#8220;&#8220; css=&#8220;.vc_custom_1589386933005{padding-bottom: 5% !important;}&#8220;][vc_column css=&#8220;.vc_custom_1594036564508{margin-top: 0px !important;border-top-width: 0px !important;padding-top: 0px !important;}&#8220;][qode_elements_holder number_of_columns=&#8220;two_columns&#8220;][qode_elements_holder_item vertical_alignment=&#8220;top&#8220; horizontal_alignment=&#8220;center&#8220; advanced_animations=&#8220;no&#8220; background_color=&#8220;#ffffff&#8220; item_padding=&#8220;15% 2%&#8220; item_padding_1280_1440=&#8220;15% 2%&#8220; item_padding_1024_1280=&#8220;15% 2%&#8220; item_padding_768_1024=&#8220;7%&#8220; item_padding_600_768=&#8220;7%&#8220; item_padding_480_600=&#8220;7%&#8220; item_padding_480=&#8220;7%&#8220;][vc_single_image image=&#8220;207&#8243; img_size=&#8220;large&#8220; alignment=&#8220;center&#8220; qode_css_animation=&#8220;&#8220;][\/qode_elements_holder_item][qode_elements_holder_item advanced_animations=&#8220;no&#8220; item_padding=&#8220;15% 15% 15% 1%&#8220; background_color=&#8220;#ffffff&#8220; item_padding_1280_1440=&#8220;15% 15% 15% 1%&#8220; item_padding_1024_1280=&#8220;15% 15% 15% 1%&#8220; item_padding_768_1024=&#8220;6%&#8220; item_padding_600_768=&#8220;6%&#8220; item_padding_480_600=&#8220;6%&#8220; item_padding_480=&#8220;6%&#8220;][vc_column_text]<\/p>\n<h2>Philosophie<\/h2>\n<p>[\/vc_column_text][vc_empty_space height=&#8220;5px&#8220;][vc_column_text]Die plastische Chirurgie ist ein sehr breit gef\u00e4chertes Gebiet und in diesem Bereich ist heutzutage sehr viel m\u00f6glich. Meine Philosophie ist es, den Patienten ein optimales Gleichgewicht zwischen dem medizinisch Vern\u00fcnftigen und dem \u00e4sthetisch W\u00fcnschbarem zu bieten. Das Ziel ist es, K\u00f6rperbereiche zu verbessern, zu rekonstruieren und wiederherzustellen und dabei das nat\u00fcrliche Aussehen zu erhalten. Dabei soll die Individualit\u00e4t jedes Menschen beibehalten werden.<br \/>\nIhre Bed\u00fcrfnisse und Ziele werden mit medizinischer Kompetenz und absoluter Diskretion umgesetzt.[\/vc_column_text][vc_empty_space][vc_column_text]<\/p>\n<h2>Sprachen<\/h2>\n<p>[\/vc_column_text][vc_empty_space height=&#8220;5px&#8220;][vc_column_text]Deutsch, Englisch, Franz\u00f6sisch, Farsi, Asari[\/vc_column_text][vc_empty_space][vc_column_text]<\/p>\n<h2>Studium<\/h2>\n<p>[\/vc_column_text][vc_empty_space height=&#8220;5px&#8220;][vc_column_text]- Medizinstudium an der Uniklinik Hamburg-Eppendorf<br \/>\n&#8211; Promotion an der Uniklinik Hamburg-Eppendorf[\/vc_column_text][vc_empty_space][vc_column_text]<\/p>\n<h2>Berufserfahrung 10\/2003 bis Ende 2017:<\/h2>\n<p>[\/vc_column_text][vc_empty_space height=&#8220;5px&#8220;][vc_column_text]- Facharztausbildung f\u00fcr Chirurgie<br \/>\n(AK Hamburg-Harburg, Prof. Dr. E.S. Debus)<\/p>\n<p>&nbsp;<\/p>\n<p>&#8211; Facharztausbildung f\u00fcr Gef\u00e4\u00dfchirurgie und Oberarzt<br \/>\n(Uniklinik Hamburg-Eppendorf, Prof. Dr. E.S. Debus)<\/p>\n<p>&nbsp;<\/p>\n<p>&#8211; Facharztausbildung f\u00fcr Plastische und \u00c4sthetische Chirurgie und Oberarzt<br \/>\n(Agaplesion-Klinikum Rotenburg, Prof. Dr. D. Hebebrand)[\/vc_column_text][vc_empty_space][vc_column_text]<\/p>\n<h2>Fellowships<\/h2>\n<p>[\/vc_column_text][vc_empty_space height=&#8220;5px&#8220;][vc_column_text]Plastisch \u00c4sthetische Weiterbildungen in diversen St\u00e4dten in Deutschland, Frankreich, Italien, Niederlanden, Schweiz und USA[\/vc_column_text][vc_empty_space][vc_column_text]<\/p>\n<h2>Mitgliedschaften<\/h2>\n<p>[\/vc_column_text][vc_empty_space height=&#8220;5px&#8220;][vc_column_text]- DGPR\u00c4C &#8211; Deutsche Gesellschaft der Plastischen, Rekonstruktiven und \u00c4sthetischen Chirurgen<\/p>\n<p>&#8211; ISAPS &#8211; International Society of Aesthetic Plastic Surgery<\/p>\n<p>&#8211; Coll\u00e8ge M\u00e9dical Grand-Duch\u00e9 de Luxembourg[\/vc_column_text][vc_empty_space][vc_column_text]<\/p>\n<h2>Konsultation<\/h2>\n<p>[\/vc_column_text][vc_empty_space height=&#8220;5px&#8220;][vc_column_text css=&#8220;&#8220;]<strong>Esch <\/strong><\/p>\n<p><a href=\"https:\/\/gcesch.lu\/ivoghli\/#esch\">Groupe Chirurgical Esch<\/a><\/p>\n<p>&nbsp;<\/p>\n<p><strong>Bridel<\/strong><br \/>\n34, rue de Luxembourg<br \/>\nL-8140 Bridel<br \/>\nTel: +352-54 75 77<br \/>\ngrchirbr@pt.lu[\/vc_column_text][\/qode_elements_holder_item][\/qode_elements_holder][vc_raw_html]JTNDYSUyMG5hbWUlM0QlMjJlc2NoJTIyJTNFJTNDJTJGYSUzRSUyMCUwQQ==[\/vc_raw_html][\/vc_column][\/vc_row]<\/p>\n<\/div>","protected":false},"excerpt":{"rendered":"<p>[vc_row css_animation=&#8220;&#8220; row_type=&#8220;row&#8220; use_row_as_full_screen_section=&#8220;no&#8220; type=&#8220;grid&#8220; angled_section=&#8220;no&#8220; text_align=&#8220;left&#8220; background_image_as_pattern=&#8220;without_pattern&#8220; row_negative_margin=&#8220;disable_negative_margin&#8220; css=&#8220;.vc_custom_1589393168219{padding-top: 10% !important;padding-bottom: 2% !important;}&#8220; z_index=&#8220;&#8220;][vc_column width=&#8220;1\/2&#8243;][vc_column_text] DR ARMAN IVOGHLI [\/vc_column_text][vc_empty_space height=&#8220;5px&#8220;][vc_column_text] Facharzt f\u00fcr Plastische und \u00c4sthetische Chirurgie [\/vc_column_text][\/vc_column][vc_column width=&#8220;1\/2&#8243;][\/vc_column][\/vc_row][vc_row css_animation=&#8220;&#8220; row_type=&#8220;row&#8220; use_row_as_full_screen_section=&#8220;no&#8220; type=&#8220;full_width&#8220; angled_section=&#8220;no&#8220; text_align=&#8220;left&#8220; background_image_as_pattern=&#8220;without_pattern&#8220; z_index=&#8220;&#8220; css=&#8220;.vc_custom_1589386933005{padding-bottom: 5% !important;}&#8220;][vc_column css=&#8220;.vc_custom_1594036564508{margin-top: 0px !important;border-top-width: 0px !important;padding-top:&#8230;<\/p>\n","protected":false},"author":4,"featured_media":0,"parent":0,"menu_order":0,"comment_status":"closed","ping_status":"closed","template":"","meta":{"content-type":"","footnotes":""},"class_list":["post-531","page","type-page","status-publish","hentry"],"yoast_head":"<!-- This site is optimized with the Yoast SEO plugin v23.8 - https:\/\/yoast.com\/wordpress\/plugins\/seo\/ -->\n<title>Dr Arman Ivoghli | Plastische und \u00c4sthetische Chirurgie |<\/title>\n<meta name=\"description\" content=\"Dr Arman Ivoghli: Facharzt f\u00fcr Plastische und \u00c4sthetische Chirurgie. K\u00f6rperbereiche verbessern und dabei das nat\u00fcrliche Aussehen zu erhalten.\" \/>\n<meta name=\"robots\" content=\"index, follow, max-snippet:-1, max-image-preview:large, max-video-preview:-1\" \/>\n<link rel=\"canonical\" href=\"https:\/\/gcesch.lu\/de\/ivoghli\/\" \/>\n<meta property=\"og:locale\" content=\"de_DE\" \/>\n<meta property=\"og:type\" content=\"article\" \/>\n<meta property=\"og:title\" content=\"Dr Arman Ivoghli | Plastische und \u00c4sthetische Chirurgie |\" \/>\n<meta property=\"og:description\" content=\"Dr Arman Ivoghli: Facharzt f\u00fcr Plastische und \u00c4sthetische Chirurgie. K\u00f6rperbereiche verbessern und dabei das nat\u00fcrliche Aussehen zu erhalten.\" \/>\n<meta property=\"og:url\" content=\"https:\/\/gcesch.lu\/de\/ivoghli\/\" \/>\n<meta property=\"og:site_name\" content=\"Groupe Chirurgical Esch\" \/>\n<meta property=\"article:modified_time\" content=\"2026-03-28T18:05:35+00:00\" \/>\n<meta name=\"twitter:card\" content=\"summary_large_image\" \/>\n<meta name=\"twitter:label1\" content=\"Gesch\u00e4tzte Lesezeit\" \/>\n\t<meta name=\"twitter:data1\" content=\"2\u00a0Minuten\" \/>\n<script type=\"application\/ld+json\" class=\"yoast-schema-graph\">{\"@context\":\"https:\/\/schema.org\",\"@graph\":[{\"@type\":\"WebPage\",\"@id\":\"https:\/\/gcesch.lu\/de\/ivoghli\/\",\"url\":\"https:\/\/gcesch.lu\/de\/ivoghli\/\",\"name\":\"Dr Arman Ivoghli | Plastische und \u00c4sthetische Chirurgie |\",\"isPartOf\":{\"@id\":\"https:\/\/gcesch.lu\/#website\"},\"datePublished\":\"2020-05-13T16:09:21+00:00\",\"dateModified\":\"2026-03-28T18:05:35+00:00\",\"description\":\"Dr Arman Ivoghli: Facharzt f\u00fcr Plastische und \u00c4sthetische Chirurgie. K\u00f6rperbereiche verbessern und dabei das nat\u00fcrliche Aussehen zu erhalten.\",\"breadcrumb\":{\"@id\":\"https:\/\/gcesch.lu\/de\/ivoghli\/#breadcrumb\"},\"inLanguage\":\"de\",\"potentialAction\":[{\"@type\":\"ReadAction\",\"target\":[\"https:\/\/gcesch.lu\/de\/ivoghli\/\"]}]},{\"@type\":\"BreadcrumbList\",\"@id\":\"https:\/\/gcesch.lu\/de\/ivoghli\/#breadcrumb\",\"itemListElement\":[{\"@type\":\"ListItem\",\"position\":1,\"name\":\"Accueil\",\"item\":\"https:\/\/gcesch.lu\/de\/\"},{\"@type\":\"ListItem\",\"position\":2,\"name\":\"Dr Arman Ivoghli | Plastische und \u00c4sthetische Chirurgie\"}]},{\"@type\":\"WebSite\",\"@id\":\"https:\/\/gcesch.lu\/#website\",\"url\":\"https:\/\/gcesch.lu\/\",\"name\":\"Groupe Chirurgical Esch\",\"description\":\"Association de m\u00e9decins chirurgiens\",\"publisher\":{\"@id\":\"https:\/\/gcesch.lu\/#organization\"},\"potentialAction\":[{\"@type\":\"SearchAction\",\"target\":{\"@type\":\"EntryPoint\",\"urlTemplate\":\"https:\/\/gcesch.lu\/?s={search_term_string}\"},\"query-input\":{\"@type\":\"PropertyValueSpecification\",\"valueRequired\":true,\"valueName\":\"search_term_string\"}}],\"inLanguage\":\"de\"},{\"@type\":\"Organization\",\"@id\":\"https:\/\/gcesch.lu\/#organization\",\"name\":\"Groupe Chirurgical Esch\",\"url\":\"https:\/\/gcesch.lu\/\",\"logo\":{\"@type\":\"ImageObject\",\"inLanguage\":\"de\",\"@id\":\"https:\/\/gcesch.lu\/#\/schema\/logo\/image\/\",\"url\":\"https:\/\/gcesch.lu\/wp-content\/uploads\/2019\/02\/logo-GCE-1-e1551177308349.png\",\"contentUrl\":\"https:\/\/gcesch.lu\/wp-content\/uploads\/2019\/02\/logo-GCE-1-e1551177308349.png\",\"width\":700,\"height\":722,\"caption\":\"Groupe Chirurgical Esch\"},\"image\":{\"@id\":\"https:\/\/gcesch.lu\/#\/schema\/logo\/image\/\"}}]}<\/script>\n<!-- \/ Yoast SEO plugin. -->","yoast_head_json":{"title":"Dr Arman Ivoghli | Plastische und \u00c4sthetische Chirurgie |","description":"Dr Arman Ivoghli: Facharzt f\u00fcr Plastische und \u00c4sthetische Chirurgie. K\u00f6rperbereiche verbessern und dabei das nat\u00fcrliche Aussehen zu erhalten.","robots":{"index":"index","follow":"follow","max-snippet":"max-snippet:-1","max-image-preview":"max-image-preview:large","max-video-preview":"max-video-preview:-1"},"canonical":"https:\/\/gcesch.lu\/de\/ivoghli\/","og_locale":"de_DE","og_type":"article","og_title":"Dr Arman Ivoghli | Plastische und \u00c4sthetische Chirurgie |","og_description":"Dr Arman Ivoghli: Facharzt f\u00fcr Plastische und \u00c4sthetische Chirurgie. K\u00f6rperbereiche verbessern und dabei das nat\u00fcrliche Aussehen zu erhalten.","og_url":"https:\/\/gcesch.lu\/de\/ivoghli\/","og_site_name":"Groupe Chirurgical Esch","article_modified_time":"2026-03-28T18:05:35+00:00","twitter_card":"summary_large_image","twitter_misc":{"Gesch\u00e4tzte Lesezeit":"2\u00a0Minuten"},"schema":{"@context":"https:\/\/schema.org","@graph":[{"@type":"WebPage","@id":"https:\/\/gcesch.lu\/de\/ivoghli\/","url":"https:\/\/gcesch.lu\/de\/ivoghli\/","name":"Dr Arman Ivoghli | Plastische und \u00c4sthetische Chirurgie |","isPartOf":{"@id":"https:\/\/gcesch.lu\/#website"},"datePublished":"2020-05-13T16:09:21+00:00","dateModified":"2026-03-28T18:05:35+00:00","description":"Dr Arman Ivoghli: Facharzt f\u00fcr Plastische und \u00c4sthetische Chirurgie. K\u00f6rperbereiche verbessern und dabei das nat\u00fcrliche Aussehen zu erhalten.","breadcrumb":{"@id":"https:\/\/gcesch.lu\/de\/ivoghli\/#breadcrumb"},"inLanguage":"de","potentialAction":[{"@type":"ReadAction","target":["https:\/\/gcesch.lu\/de\/ivoghli\/"]}]},{"@type":"BreadcrumbList","@id":"https:\/\/gcesch.lu\/de\/ivoghli\/#breadcrumb","itemListElement":[{"@type":"ListItem","position":1,"name":"Accueil","item":"https:\/\/gcesch.lu\/de\/"},{"@type":"ListItem","position":2,"name":"Dr Arman Ivoghli | Plastische und \u00c4sthetische Chirurgie"}]},{"@type":"WebSite","@id":"https:\/\/gcesch.lu\/#website","url":"https:\/\/gcesch.lu\/","name":"Groupe Chirurgical Esch","description":"Association de m\u00e9decins chirurgiens","publisher":{"@id":"https:\/\/gcesch.lu\/#organization"},"potentialAction":[{"@type":"SearchAction","target":{"@type":"EntryPoint","urlTemplate":"https:\/\/gcesch.lu\/?s={search_term_string}"},"query-input":{"@type":"PropertyValueSpecification","valueRequired":true,"valueName":"search_term_string"}}],"inLanguage":"de"},{"@type":"Organization","@id":"https:\/\/gcesch.lu\/#organization","name":"Groupe Chirurgical Esch","url":"https:\/\/gcesch.lu\/","logo":{"@type":"ImageObject","inLanguage":"de","@id":"https:\/\/gcesch.lu\/#\/schema\/logo\/image\/","url":"https:\/\/gcesch.lu\/wp-content\/uploads\/2019\/02\/logo-GCE-1-e1551177308349.png","contentUrl":"https:\/\/gcesch.lu\/wp-content\/uploads\/2019\/02\/logo-GCE-1-e1551177308349.png","width":700,"height":722,"caption":"Groupe Chirurgical Esch"},"image":{"@id":"https:\/\/gcesch.lu\/#\/schema\/logo\/image\/"}}]}},"_links":{"self":[{"href":"https:\/\/gcesch.lu\/de\/wp-json\/wp\/v2\/pages\/531","targetHints":{"allow":["GET"]}}],"collection":[{"href":"https:\/\/gcesch.lu\/de\/wp-json\/wp\/v2\/pages"}],"about":[{"href":"https:\/\/gcesch.lu\/de\/wp-json\/wp\/v2\/types\/page"}],"author":[{"embeddable":true,"href":"https:\/\/gcesch.lu\/de\/wp-json\/wp\/v2\/users\/4"}],"replies":[{"embeddable":true,"href":"https:\/\/gcesch.lu\/de\/wp-json\/wp\/v2\/comments?post=531"}],"version-history":[{"count":9,"href":"https:\/\/gcesch.lu\/de\/wp-json\/wp\/v2\/pages\/531\/revisions"}],"predecessor-version":[{"id":825,"href":"https:\/\/gcesch.lu\/de\/wp-json\/wp\/v2\/pages\/531\/revisions\/825"}],"wp:attachment":[{"href":"https:\/\/gcesch.lu\/de\/wp-json\/wp\/v2\/media?parent=531"}],"curies":[{"name":"wp","href":"https:\/\/api.w.org\/{rel}","templated":true}]}}