{"id":538,"date":"2019-02-19T15:35:33","date_gmt":"2019-02-19T14:35:33","guid":{"rendered":"https:\/\/gcesch.lu\/home\/"},"modified":"2025-12-01T14:32:45","modified_gmt":"2025-12-01T13:32:45","slug":"home","status":"publish","type":"page","link":"https:\/\/gcesch.lu\/de\/","title":{"rendered":"Groupe chirurgical Esch | Allgemeine, Plastische und \u00c4sthetische Chirurgie"},"content":{"rendered":"<div class=\"wpb-content-wrapper\"><p>[vc_row css_animation=&#8220;&#8220; row_type=&#8220;row&#8220; use_row_as_full_screen_section=&#8220;no&#8220; type=&#8220;full_width&#8220; angled_section=&#8220;no&#8220; text_align=&#8220;left&#8220; background_image_as_pattern=&#8220;without_pattern&#8220; css=&#8220;.vc_custom_1598951917324{margin-top: 0px !important;border-top-width: 0px !important;padding-top: 0px !important;padding-bottom: 0px !important;}&#8220; z_index=&#8220;&#8220;][vc_column css=&#8220;.vc_custom_1563036761131{padding-top: 0px !important;}&#8220;]\n\t\t\t<!-- START home REVOLUTION SLIDER 6.7.20 --><p class=\"rs-p-wp-fix\"><\/p>\n\t\t\t<rs-module-wrap id=\"rev_slider_1_1_wrapper\" data-source=\"gallery\" style=\"visibility:hidden;background:#ffffff;padding:0;margin:0px auto;margin-top:0;margin-bottom:0;\">\n\t\t\t\t<rs-module id=\"rev_slider_1_1\" style=\"\" data-version=\"6.7.20\">\n\t\t\t\t\t<rs-slides style=\"overflow: hidden; position: absolute;\">\n\t\t\t\t\t\t<rs-slide style=\"position: absolute;\" data-key=\"rs-15\" data-title=\"Slide\" data-anim=\"ms:300,default;r:,0;\" data-in=\"o:1;y:(100%);\" data-out=\"y:(-60%);\">\n\t\t\t\t\t\t\t<img decoding=\"async\" src=\"\/\/gcesch.lu\/wp-content\/plugins\/revslider\/sr6\/assets\/assets\/dummy.png\" alt=\"Slide\" title=\"Groupe chirurgical Esch | Allgemeine, Plastische und \u00c4sthetische Chirurgie\" class=\"rev-slidebg tp-rs-img rs-lazyload\" data-lazyload=\"\/\/gcesch.lu\/wp-content\/plugins\/revslider\/sr6\/assets\/assets\/transparent.png\" data-bg=\"c:rgba(255,255,255,253);\" data-parallax=\"15\" data-no-retina>\n<!--\n\t\t\t\t\t\t\t--><rs-group\n\t\t\t\t\t\t\t\tid=\"slider-1-slide-15-layer-7\" \n\t\t\t\t\t\t\t\tdata-type=\"group\"\n\t\t\t\t\t\t\t\tdata-xy=\"x:33px;\"\n\t\t\t\t\t\t\t\tdata-text=\"l:22;a:inherit;\"\n\t\t\t\t\t\t\t\tdata-dim=\"w:1290px;h:679px;\"\n\t\t\t\t\t\t\t\tdata-frame_0=\"tp:600;\"\n\t\t\t\t\t\t\t\tdata-frame_1=\"tp:600;sR:10;\"\n\t\t\t\t\t\t\t\tdata-frame_999=\"o:0;tp:600;st:w;sR:8690;sA:9000;\"\n\t\t\t\t\t\t\t\tstyle=\"z-index:5;\"\n\t\t\t\t\t\t\t><!--\n\t\t\t\t\t\t\t\t--><rs-layer\n\t\t\t\t\t\t\t\t\tid=\"slider-1-slide-15-layer-6\" \n\t\t\t\t\t\t\t\t\tclass=\"tp-shape tp-shapewrapper\"\n\t\t\t\t\t\t\t\t\tdata-type=\"shape\"\n\t\t\t\t\t\t\t\t\tdata-rsp_ch=\"on\"\n\t\t\t\t\t\t\t\t\tdata-xy=\"x:500px;y:153px;\"\n\t\t\t\t\t\t\t\t\tdata-pos=\"a\"\n\t\t\t\t\t\t\t\t\tdata-text=\"w:normal;fw:700;a:inherit;\"\n\t\t\t\t\t\t\t\t\tdata-dim=\"w:5px;h:400px;\"\n\t\t\t\t\t\t\t\t\tdata-frame_0=\"tp:600;\"\n\t\t\t\t\t\t\t\t\tdata-frame_1=\"tp:600;\"\n\t\t\t\t\t\t\t\t\tdata-frame_999=\"o:0;tp:600;st:w;sR:8690;\"\n\t\t\t\t\t\t\t\t\tstyle=\"z-index:9;background-color:#00dcff;\"\n\t\t\t\t\t\t\t\t> \n\t\t\t\t\t\t\t\t<\/rs-layer><!--\n\n\t\t\t\t\t\t\t\t--><rs-layer\n\t\t\t\t\t\t\t\t\tid=\"slider-1-slide-15-layer-5\" \n\t\t\t\t\t\t\t\t\tdata-type=\"image\"\n\t\t\t\t\t\t\t\t\tdata-rsp_ch=\"on\"\n\t\t\t\t\t\t\t\t\tdata-xy=\"x:59px;y:c;yo:8px;\"\n\t\t\t\t\t\t\t\t\tdata-pos=\"a\"\n\t\t\t\t\t\t\t\t\tdata-text=\"l:22;a:inherit;\"\n\t\t\t\t\t\t\t\t\tdata-dim=\"w:400px;h:413px;\"\n\t\t\t\t\t\t\t\t\tdata-frame_0=\"tp:600;\"\n\t\t\t\t\t\t\t\t\tdata-frame_1=\"tp:600;\"\n\t\t\t\t\t\t\t\t\tdata-frame_999=\"o:0;tp:600;st:w;sR:8690;\"\n\t\t\t\t\t\t\t\t\tstyle=\"z-index:8;\"\n\t\t\t\t\t\t\t\t><img fetchpriority=\"high\" decoding=\"async\" src=\"\/\/gcesch.lu\/wp-content\/plugins\/revslider\/sr6\/assets\/assets\/dummy.png\" alt=\"\" class=\"tp-rs-img rs-lazyload\" width=\"700\" height=\"722\" data-lazyload=\"\/\/gcesch.lu\/wp-content\/uploads\/2019\/02\/logo-GCE-1-e1551177308349.png\" data-no-retina> \n\t\t\t\t\t\t\t\t<\/rs-layer><!--\n\n\t\t\t\t\t\t\t\t--><rs-layer\n\t\t\t\t\t\t\t\t\tid=\"slider-1-slide-15-layer-4\" \n\t\t\t\t\t\t\t\t\tdata-type=\"text\"\n\t\t\t\t\t\t\t\t\tdata-color=\"#000000\"\n\t\t\t\t\t\t\t\t\tdata-rsp_ch=\"on\"\n\t\t\t\t\t\t\t\t\tdata-xy=\"x:545px;y:c;yo:163px;\"\n\t\t\t\t\t\t\t\t\tdata-pos=\"a\"\n\t\t\t\t\t\t\t\t\tdata-text=\"w:normal;s:16;l:34;ls:3px;fw:700;a:inherit;\"\n\t\t\t\t\t\t\t\t\tdata-dim=\"w:594px;h:104px;\"\n\t\t\t\t\t\t\t\t\tdata-frame_0=\"tp:600;\"\n\t\t\t\t\t\t\t\t\tdata-frame_1=\"tp:600;\"\n\t\t\t\t\t\t\t\t\tdata-frame_999=\"o:0;tp:600;st:w;sR:8690;\"\n\t\t\t\t\t\t\t\t\tstyle=\"z-index:7;font-family:'Open Sans';text-transform:uppercase;\"\n\t\t\t\t\t\t\t\t>Allgemein \u2022 Viszeral \u2022 Bariatrisch und Endokrin \u2022\nOrthop\u00e4die \u2022 Traumatologie und Sportmedizin \u2022 Plastisch und \u00c4sthetik \u2022 Gef\u00e4\u00df und Thorax \n\t\t\t\t\t\t\t\t<\/rs-layer><!--\n\n\t\t\t\t\t\t\t\t--><rs-layer\n\t\t\t\t\t\t\t\t\tid=\"slider-1-slide-15-layer-3\" \n\t\t\t\t\t\t\t\t\tdata-type=\"text\"\n\t\t\t\t\t\t\t\t\tdata-color=\"#000000\"\n\t\t\t\t\t\t\t\t\tdata-rsp_ch=\"on\"\n\t\t\t\t\t\t\t\t\tdata-xy=\"x:545px;y:277px;\"\n\t\t\t\t\t\t\t\t\tdata-pos=\"a\"\n\t\t\t\t\t\t\t\t\tdata-text=\"w:normal;s:75;l:75;fw:600;a:inherit;\"\n\t\t\t\t\t\t\t\t\tdata-dim=\"w:471px;h:226px;\"\n\t\t\t\t\t\t\t\t\tdata-frame_0=\"tp:600;\"\n\t\t\t\t\t\t\t\t\tdata-frame_1=\"tp:600;\"\n\t\t\t\t\t\t\t\t\tdata-frame_999=\"o:0;tp:600;st:w;sR:8690;\"\n\t\t\t\t\t\t\t\t\tstyle=\"z-index:6;font-family:'Open Sans';\"\n\t\t\t\t\t\t\t\t>Fach\u00e4rzte f\u00fcr Chirurgie \n\t\t\t\t\t\t\t\t<\/rs-layer><!--\n\t\t\t\t\t\t\t--><\/rs-group><!--\n-->\t\t\t\t\t<\/rs-slide>\n\t\t\t\t\t<\/rs-slides>\n\t\t\t\t<\/rs-module>\n\t\t\t\t<script>\n\t\t\t\t\tsetREVStartSize({c: 'rev_slider_1_1',rl:[1240,1024,778,480],el:[],gw:[1300],gh:[650],type:'standard',justify:'',layout:'fullwidth',mh:\"0\"});if (window.RS_MODULES!==undefined && window.RS_MODULES.modules!==undefined && window.RS_MODULES.modules[\"revslider11\"]!==undefined) {window.RS_MODULES.modules[\"revslider11\"].once = false;window.revapi1 = undefined;if (window.RS_MODULES.checkMinimal!==undefined) window.RS_MODULES.checkMinimal()}\n\t\t\t\t<\/script>\n\t\t\t<\/rs-module-wrap>\n\t\t\t<!-- END REVOLUTION SLIDER -->\n[vc_raw_html]JTNDYSUyMG5hbWUlM0QlMjJ1YmVydW5zJTIyJTNFJTNDJTJGYSUzRQ==[\/vc_raw_html][\/vc_column][\/vc_row][vc_row css_animation=&#8220;&#8220; row_type=&#8220;row&#8220; use_row_as_full_screen_section=&#8220;no&#8220; type=&#8220;full_width&#8220; angled_section=&#8220;no&#8220; text_align=&#8220;left&#8220; background_image_as_pattern=&#8220;without_pattern&#8220;][vc_column][vc_column_text][\/vc_column_text][\/vc_column][\/vc_row][vc_row row_type=&#8220;parallax&#8220; parallax_content_width=&#8220;full_width&#8220; text_align=&#8220;left&#8220; full_screen_section_height=&#8220;no&#8220; css=&#8220;.vc_custom_1589379477529{padding-top: 0% !important;padding-right: 5% !important;padding-bottom: 1% !important;padding-left: 5% !important;}&#8220; background_image=&#8220;122&#8243;][vc_column width=&#8220;1\/2&#8243; css=&#8220;.vc_custom_1589379788857{padding-top: 20% !important;padding-left: 2% !important;}&#8220;][\/vc_column][vc_column width=&#8220;1\/2&#8243; css=&#8220;.vc_custom_1589379586696{padding-top: 20% !important;padding-right: 15% !important;padding-bottom: 20% !important;padding-left: 5% !important;}&#8220;][vc_column_text]<\/p>\n<h1 style=\"text-align: left;\">\u00dcBER UNS<\/h1>\n<p>[\/vc_column_text][vc_empty_space][vc_column_text]<span style=\"color: #ffffff;\">Unsere Praxis besteht seit 1998 und setzt sich aus einem erfahrenen Team von Chirurgen zusammen, welches diverse chirurgische Fachgebiete abdeckt, wie z.B. allgemeine Chirurgie, endoskopische Chirurgie, Gef\u00e4\u00dfchirurgie, orthop\u00e4dische Chirurgie, plastische, \u00e4sthetische und rekonstruktive Chirurgie, Sportmedizin, Thoraxchirurgie, Traumatologie, Viszeralchirurgie.<\/span><\/p>\n<p>&nbsp;<\/p>\n<p><span style=\"color: #ffffff;\">Aufgrund diesem breiten Spektrum f\u00fchren wir in Zusammenarbeit mit dem Centre Hospitalier Emile Mayrisch in Esch (CHEM) alle chirurgischen Behandlungen in Lokalan\u00e4sthesie oder Vollnarkose durch.<\/span><\/p>\n<p>&nbsp;<\/p>\n<p><span style=\"color: #ffffff;\">Wir freuen uns darauf, Sie bei Ihren chirurgischen Notwendigkeiten und W\u00fcnsche pers\u00f6nlich zu betreuen. Die Spezialisierungen der einzelnen Chirurgen finden Sie in unserer Team\u00fcbersicht.<\/span><\/p>\n<p>&nbsp;<\/p>\n<p><span style=\"color: #ffffff;\">Ihr Groupe Chirurgical<\/span>[\/vc_column_text][\/vc_column][\/vc_row][vc_row row_type=&#8220;parallax&#8220; parallax_content_width=&#8220;full_width&#8220; text_align=&#8220;left&#8220; full_screen_section_height=&#8220;no&#8220; css=&#8220;.vc_custom_1589980236846{margin-top: 0px !important;border-top-width: 0px !important;padding-top: 0px !important;padding-bottom: 0px !important;}&#8220;][vc_column css=&#8220;.vc_custom_1563036761131{padding-top: 0px !important;}&#8220;]\n\t\t\t<!-- START home 2 REVOLUTION SLIDER 6.7.20 --><p class=\"rs-p-wp-fix\"><\/p>\n\t\t\t<rs-module-wrap id=\"rev_slider_2_2_wrapper\" data-source=\"gallery\" style=\"visibility:hidden;background:#ffffff;padding:0;margin:0px auto;margin-top:0;margin-bottom:0;\">\n\t\t\t\t<rs-module id=\"rev_slider_2_2\" style=\"\" data-version=\"6.7.20\">\n\t\t\t\t\t<rs-slides style=\"overflow: hidden; position: absolute;\">\n\t\t\t\t\t\t<rs-slide style=\"position: absolute;\" data-key=\"rs-5\" data-title=\"Slide\" data-anim=\"ms:300;\" data-in=\"o:1;y:(100%);\" data-out=\"y:(-60%);\">\n\t\t\t\t\t\t\t<img decoding=\"async\" src=\"\/\/gcesch.lu\/wp-content\/plugins\/revslider\/sr6\/assets\/assets\/dummy.png\" alt=\"\" title=\"2025update doctors\" width=\"2560\" height=\"1502\" class=\"rev-slidebg tp-rs-img rs-lazyload\" data-lazyload=\"\/\/gcesch.lu\/wp-content\/uploads\/2025\/06\/2025update-doctors-scaled.jpg\" data-bg=\"p:center top;\" data-parallax=\"14\" data-no-retina>\n<!---->\t\t\t\t\t<\/rs-slide>\n\t\t\t\t\t<\/rs-slides>\n\t\t\t\t<\/rs-module>\n\t\t\t\t<script>\n\t\t\t\t\tsetREVStartSize({c: 'rev_slider_2_2',rl:[1240,1024,778,480],el:[550],gw:[1300],gh:[550],type:'hero',justify:'',layout:'fullwidth',mh:\"0\"});if (window.RS_MODULES!==undefined && window.RS_MODULES.modules!==undefined && window.RS_MODULES.modules[\"revslider22\"]!==undefined) {window.RS_MODULES.modules[\"revslider22\"].once = false;window.revapi2 = undefined;if (window.RS_MODULES.checkMinimal!==undefined) window.RS_MODULES.checkMinimal()}\n\t\t\t\t<\/script>\n\t\t\t<\/rs-module-wrap>\n\t\t\t<!-- END REVOLUTION SLIDER -->\n[vc_raw_html]JTNDYSUyMG5hbWUlM0QlMjJzZXJ2aWNlcyUyMiUzRSUzQyUyRmElM0U=[\/vc_raw_html][\/vc_column][\/vc_row][vc_row css_animation=&#8220;&#8220; row_type=&#8220;row&#8220; use_row_as_full_screen_section=&#8220;no&#8220; type=&#8220;full_width&#8220; angled_section=&#8220;no&#8220; text_align=&#8220;left&#8220; background_image_as_pattern=&#8220;without_pattern&#8220; css=&#8220;.vc_custom_1563033924710{padding-top: 7% !important;padding-right: 5% !important;padding-bottom: 1% !important;padding-left: 5% !important;}&#8220; z_index=&#8220;&#8220;][vc_column width=&#8220;1\/4&#8243;][vc_column_text]<\/p>\n<h1 style=\"text-align: left;\"><span style=\"color: #25c4d3;\">FACHGEBIETE<\/span><\/h1>\n<p>[\/vc_column_text][\/vc_column][vc_column width=&#8220;3\/4&#8243;][\/vc_column][\/vc_row][vc_row css_animation=&#8220;&#8220; row_type=&#8220;row&#8220; use_row_as_full_screen_section=&#8220;no&#8220; type=&#8220;full_width&#8220; angled_section=&#8220;no&#8220; text_align=&#8220;left&#8220; background_image_as_pattern=&#8220;without_pattern&#8220; css=&#8220;.vc_custom_1592504583646{padding-top: 2% !important;padding-right: 1% !important;padding-bottom: 7% !important;padding-left: 5% !important;}&#8220; z_index=&#8220;&#8220; el_class=&#8220;link&#8220;][vc_column width=&#8220;1\/5&#8243;][vc_column_text]<span style=\"font-weight: 400; font-size: 30px; line-height: 37px; color: #25c4d3;\">Fach\u00e4rzte f\u00fcr Chirurgie:\u00a0<\/span>[\/vc_column_text][\/vc_column][vc_column width=&#8220;2\/5&#8243; css=&#8220;.vc_custom_1592504627227{padding-right: 1% !important;padding-left: 5% !important;}&#8220;][vc_column_text]<\/p>\n<p style=\"text-align: left; font-family: lato; text-transform: uppercase; letter-spacing: 2px; font-weight: 600; line-height: 38px; font-size: 17px;\">Allgemein und Viszeral<br \/>\nOrthop\u00e4die und Traumatologie<\/p>\n<p style=\"text-align: left; font-family: lato; text-transform: uppercase; letter-spacing: 2px; font-weight: 600; line-height: 38px; font-size: 17px;\"><a href=\"https:\/\/gcesch.lu\/de\/plastique\/\">PLASTISCH UND \u00c4STHETIK<\/a><\/p>\n<p>[\/vc_column_text][\/vc_column][vc_column width=&#8220;2\/5&#8243; css=&#8220;.vc_custom_1592504591518{padding-right: 0px !important;padding-left: 0px !important;}&#8220;][vc_column_text]<\/p>\n<p style=\"text-align: left; font-family: lato; text-transform: uppercase; letter-spacing: 2px; font-weight: 600; line-height: 38px; font-size: 17px;\">Bariatrisch und Endokrin<\/p>\n<p style=\"text-align: left; font-family: lato; text-transform: uppercase; letter-spacing: 2px; font-weight: 600; line-height: 38px; font-size: 17px;\">Sportmedizin<\/p>\n<p style=\"text-align: left; font-family: lato; text-transform: uppercase; letter-spacing: 2px; font-weight: 600; line-height: 38px; font-size: 17px;\">Gef\u00e4\u00df und Thorax<\/p>\n<p>[\/vc_column_text][vc_raw_html]JTNDYSUyMG5hbWUlM0QlMjJlcXVpcGUlMjIlM0UlM0MlMkZhJTNF[\/vc_raw_html][\/vc_column][\/vc_row][vc_row css_animation=&#8220;&#8220; row_type=&#8220;row&#8220; use_row_as_full_screen_section=&#8220;no&#8220; type=&#8220;full_width&#8220; angled_section=&#8220;no&#8220; text_align=&#8220;left&#8220; background_image_as_pattern=&#8220;without_pattern&#8220; z_index=&#8220;&#8220; css=&#8220;.vc_custom_1589460510064{padding-top: 5% !important;padding-right: 5% !important;padding-bottom: 2% !important;padding-left: 5% !important;background-color: rgba(84,161,189,0.16) !important;*background-color: rgb(84,161,189) !important;}&#8220;][vc_column width=&#8220;1\/4&#8243;][vc_column_text]<\/p>\n<h1 style=\"text-align: left;\"><span style=\"color: #25c4d3;\">\u00c4RZTETEAM<\/span><\/h1>\n<p>[\/vc_column_text][\/vc_column][vc_column width=&#8220;3\/4&#8243;][\/vc_column][\/vc_row][vc_row css_animation=&#8220;&#8220; row_type=&#8220;row&#8220; use_row_as_full_screen_section=&#8220;no&#8220; type=&#8220;full_width&#8220; angled_section=&#8220;no&#8220; text_align=&#8220;left&#8220; background_image_as_pattern=&#8220;without_pattern&#8220; z_index=&#8220;&#8220; css=&#8220;.vc_custom_1589460492134{padding-top: 1% !important;padding-right: 5% !important;padding-bottom: 5% !important;padding-left: 5% !important;background-color: rgba(84,161,189,0.16) !important;*background-color: rgb(84,161,189) !important;}&#8220;][vc_column][vc_row_inner row_type=&#8220;row&#8220; type=&#8220;full_width&#8220; text_align=&#8220;left&#8220; css_animation=&#8220;&#8220;][vc_column_inner width=&#8220;1\/3&#8243;][vc_single_image image=&#8220;226&#8243; img_size=&#8220;full&#8220; onclick=&#8220;custom_link&#8220; qode_css_animation=&#8220;&#8220; link=&#8220;https:\/\/gcesch.lu\/boulmont&#8220;][vc_column_text css=&#8220;.vc_custom_1594286501429{padding-top: 15% !important;padding-bottom: 15% !important;background-color: #ffffff !important;}&#8220;]<\/p>\n<h3 style=\"text-align: center;\">Dr. Marc Boulmont<\/h3>\n<p style=\"text-align: center;\"><a href=\"https:\/\/gcesch.lu\/boulmont\">Chirurgie Allgemein, Viszeral und Endokrin<\/a><\/p>\n<p>[\/vc_column_text][\/vc_column_inner][vc_column_inner width=&#8220;1\/3&#8243;][vc_single_image image=&#8220;815&#8243; img_size=&#8220;full&#8220; onclick=&#8220;custom_link&#8220; css=&#8220;&#8220; qode_css_animation=&#8220;&#8220;][vc_column_text css=&#8220;.vc_custom_1752222200119{padding-top: 15% !important;padding-bottom: 15% !important;background-color: #ffffff !important;}&#8220;]<\/p>\n<h3 style=\"text-align: center;\">Dr. Hansj\u00f6rg Reimer<\/h3>\n<p style=\"text-align: center;\"><a href=\"https:\/\/gcesch.lu\/de\/dr-hansjorg-reimer-chirurgie\/\">Chirurgie<\/a><\/p>\n<p>[\/vc_column_text][\/vc_column_inner][vc_column_inner width=&#8220;1\/3&#8243;][vc_single_image image=&#8220;462&#8243; img_size=&#8220;full&#8220; onclick=&#8220;custom_link&#8220; qode_css_animation=&#8220;&#8220;][vc_column_text css=&#8220;.vc_custom_1663574002311{padding-top: 15% !important;padding-bottom: 15% !important;background-color: #ffffff !important;}&#8220;]<\/p>\n<h3 style=\"text-align: center;\">Dr. Daniel Guta<\/h3>\n<p style=\"text-align: center;\">Chirurgie<\/p>\n<p>[\/vc_column_text][\/vc_column_inner][\/vc_row_inner][vc_empty_space][vc_row_inner row_type=&#8220;row&#8220; type=&#8220;full_width&#8220; text_align=&#8220;left&#8220; css_animation=&#8220;&#8220;][vc_column_inner width=&#8220;1\/3&#8243;][vc_single_image image=&#8220;213&#8243; img_size=&#8220;full&#8220; onclick=&#8220;custom_link&#8220; qode_css_animation=&#8220;&#8220;][vc_column_text css=&#8220;.vc_custom_1594286667940{padding-top: 15% !important;padding-bottom: 15% !important;background-color: #ffffff !important;}&#8220;]<\/p>\n<h3 style=\"text-align: center;\">Dr. Fabian Mores<\/h3>\n<p style=\"text-align: center;\">Chirurgie<\/p>\n<p>[\/vc_column_text][\/vc_column_inner][vc_column_inner width=&#8220;1\/3&#8243;][vc_single_image image=&#8220;207&#8243; img_size=&#8220;full&#8220; onclick=&#8220;custom_link&#8220; qode_css_animation=&#8220;&#8220; link=&#8220;https:\/\/gcesch.lu\/de\/ivoghli\/&#8220;][vc_column_text css=&#8220;.vc_custom_1594286691636{padding-top: 15% !important;padding-bottom: 15% !important;background-color: #ffffff !important;}&#8220;]<\/p>\n<h3 style=\"text-align: center;\">Dr. Arman Ivoghli<\/h3>\n<p style=\"text-align: center;\"><a href=\"https:\/\/gcesch.lu\/de\/ivoghli\/\">Plastische und \u00c4sthetische Chirurgie<\/a><\/p>\n<p>[\/vc_column_text][\/vc_column_inner][vc_column_inner width=&#8220;1\/3&#8243;][vc_single_image image=&#8220;756&#8243; img_size=&#8220;full&#8220; onclick=&#8220;custom_link&#8220; css=&#8220;&#8220; qode_css_animation=&#8220;&#8220; link=&#8220;https:\/\/gcesch.lu\/de\/ivoghli\/&#8220;][vc_column_text css=&#8220;.vc_custom_1750249019553{padding-top: 15% !important;padding-bottom: 15% !important;background-color: #ffffff !important;}&#8220;]<\/p>\n<h3 style=\"text-align: center;\">Dr. Merlan Vivian<\/h3>\n<p style=\"text-align: center;\">Chirurgie<\/p>\n<p>[\/vc_column_text][\/vc_column_inner][\/vc_row_inner][vc_empty_space][vc_row_inner row_type=&#8220;row&#8220; type=&#8220;full_width&#8220; text_align=&#8220;left&#8220; css_animation=&#8220;&#8220;][vc_column_inner width=&#8220;1\/3&#8243;][vc_single_image image=&#8220;780&#8243; img_size=&#8220;full&#8220; onclick=&#8220;custom_link&#8220; css=&#8220;&#8220; qode_css_animation=&#8220;&#8220;][vc_column_text css=&#8220;.vc_custom_1750761331444{padding-top: 15% !important;padding-bottom: 15% !important;background-color: #ffffff !important;}&#8220;]<\/p>\n<h3 style=\"text-align: center;\">Dr. Laurent Cherchi<\/h3>\n<p style=\"text-align: center;\">Chirurgie<\/p>\n<p>[\/vc_column_text][\/vc_column_inner][vc_column_inner width=&#8220;1\/3&#8243;][vc_single_image image=&#8220;783&#8243; img_size=&#8220;full&#8220; onclick=&#8220;custom_link&#8220; css=&#8220;&#8220; qode_css_animation=&#8220;&#8220; link=&#8220;https:\/\/gcesch.lu\/de\/ivoghli\/&#8220;][vc_column_text css=&#8220;.vc_custom_1750761314227{padding-top: 15% !important;padding-bottom: 15% !important;background-color: #ffffff !important;}&#8220;]<\/p>\n<h3 style=\"text-align: center;\">Dr Lepore David<\/h3>\n<p style=\"text-align: center;\">Chirurgie<\/p>\n<p>[\/vc_column_text][\/vc_column_inner][vc_column_inner width=&#8220;1\/3&#8243;][\/vc_column_inner][\/vc_row_inner][\/vc_column][\/vc_row][vc_row css_animation=&#8220;&#8220; row_type=&#8220;row&#8220; use_row_as_full_screen_section=&#8220;no&#8220; type=&#8220;full_width&#8220; angled_section=&#8220;no&#8220; text_align=&#8220;left&#8220; background_image_as_pattern=&#8220;without_pattern&#8220; css=&#8220;.vc_custom_1563035846187{padding-top: 7% !important;padding-bottom: 7% !important;}&#8220; z_index=&#8220;&#8220;][vc_column][qode_elements_holder number_of_columns=&#8220;two_columns&#8220;][qode_elements_holder_item advanced_animations=&#8220;no&#8220;][vc_single_image image=&#8220;143&#8243; img_size=&#8220;full&#8220; alignment=&#8220;center&#8220; qode_css_animation=&#8220;&#8220;][\/qode_elements_holder_item][qode_elements_holder_item advanced_animations=&#8220;no&#8220; item_padding=&#8220;20%&#8220; background_color=&#8220;rgba(125,33,62,0.15)&#8220;][vc_column_text]<\/p>\n<h1 style=\"text-align: left;\"><span style=\"color: #7d213e;\">KOOPERATION<\/span><\/h1>\n<p>[\/vc_column_text][vc_empty_space height=&#8220;50px&#8220;][vc_column_text]Unser \u00c4rzteteam der Groupe Chirurgical Esch arbeitet bei all Ihren chirurgischen Bed\u00fcrfnissen mit dem Centre Hospitalier Emile Mayrisch (CHEM) zusammen. F\u00fcr alle weiteren Fragen stehen wir Ihnen sowohl in unserer Privatpraxis als auch in der Poliklinik im CHEM zur Verf\u00fcgung.[\/vc_column_text][\/qode_elements_holder_item][\/qode_elements_holder][\/vc_column][\/vc_row][vc_row css_animation=&#8220;&#8220; row_type=&#8220;row&#8220; use_row_as_full_screen_section=&#8220;no&#8220; type=&#8220;full_width&#8220; angled_section=&#8220;no&#8220; text_align=&#8220;left&#8220; background_image_as_pattern=&#8220;without_pattern&#8220; z_index=&#8220;&#8220;][vc_column][vc_empty_space][rev_slider_vc alias=&#8220;home3&#8243;][vc_raw_html]JTNDYSUyMG5hbWUlM0QlMjJjb250YWN0JTIyJTNFJTNDJTJGYSUzRQ==[\/vc_raw_html][\/vc_column][\/vc_row][vc_row css_animation=&#8220;&#8220; row_type=&#8220;row&#8220; use_row_as_full_screen_section=&#8220;no&#8220; type=&#8220;grid&#8220; angled_section=&#8220;no&#8220; text_align=&#8220;left&#8220; background_image_as_pattern=&#8220;without_pattern&#8220; z_index=&#8220;&#8220;][vc_column][\/vc_column][\/vc_row]<\/p>\n<\/div>","protected":false},"excerpt":{"rendered":"<p>[vc_row css_animation=&#8220;&#8220; row_type=&#8220;row&#8220; use_row_as_full_screen_section=&#8220;no&#8220; type=&#8220;full_width&#8220; angled_section=&#8220;no&#8220; text_align=&#8220;left&#8220; background_image_as_pattern=&#8220;without_pattern&#8220; css=&#8220;.vc_custom_1598951917324{margin-top: 0px !important;border-top-width: 0px !important;padding-top: 0px !important;padding-bottom: 0px !important;}&#8220; z_index=&#8220;&#8220;][vc_column css=&#8220;.vc_custom_1563036761131{padding-top: 0px !important;}&#8220;][vc_raw_html]JTNDYSUyMG5hbWUlM0QlMjJ1YmVydW5zJTIyJTNFJTNDJTJGYSUzRQ==[\/vc_raw_html][\/vc_column][\/vc_row][vc_row css_animation=&#8220;&#8220; row_type=&#8220;row&#8220; use_row_as_full_screen_section=&#8220;no&#8220; type=&#8220;full_width&#8220; angled_section=&#8220;no&#8220; text_align=&#8220;left&#8220; background_image_as_pattern=&#8220;without_pattern&#8220;][vc_column][vc_column_text][\/vc_column_text][\/vc_column][\/vc_row][vc_row row_type=&#8220;parallax&#8220; parallax_content_width=&#8220;full_width&#8220; text_align=&#8220;left&#8220; full_screen_section_height=&#8220;no&#8220; css=&#8220;.vc_custom_1589379477529{padding-top: 0% !important;padding-right: 5% !important;padding-bottom: 1% !important;padding-left: 5% !important;}&#8220; background_image=&#8220;122&#8243;][vc_column width=&#8220;1\/2&#8243; css=&#8220;.vc_custom_1589379788857{padding-top: 20%&#8230;<\/p>\n","protected":false},"author":4,"featured_media":0,"parent":0,"menu_order":0,"comment_status":"closed","ping_status":"closed","template":"full_width.php","meta":{"content-type":"","footnotes":""},"class_list":["post-538","page","type-page","status-publish","hentry"],"yoast_head":"<!-- This site is optimized with the Yoast SEO plugin v23.8 - https:\/\/yoast.com\/wordpress\/plugins\/seo\/ -->\n<title>Groupe chirurgical Esch | Allgemeine, Plastische und \u00c4sthetische Chirurgie<\/title>\n<meta name=\"description\" content=\"Erfahrenen Team von Chirurgen in Luxemburg : allgemeine, endoskopische, Gef\u00e4\u00df, orthop\u00e4dische Chirurgie, plastische, \u00e4sthetische Chirurgie,..\" \/>\n<meta name=\"robots\" content=\"index, follow, max-snippet:-1, max-image-preview:large, max-video-preview:-1\" \/>\n<link rel=\"canonical\" href=\"https:\/\/gcesch.lu\/de\/\" \/>\n<meta property=\"og:locale\" content=\"de_DE\" \/>\n<meta property=\"og:type\" content=\"article\" \/>\n<meta property=\"og:title\" content=\"Groupe chirurgical Esch | Allgemeine, Plastische und \u00c4sthetische Chirurgie\" \/>\n<meta property=\"og:description\" content=\"Erfahrenen Team von Chirurgen in Luxemburg : allgemeine, endoskopische, Gef\u00e4\u00df, orthop\u00e4dische Chirurgie, plastische, \u00e4sthetische Chirurgie,..\" \/>\n<meta property=\"og:url\" content=\"https:\/\/gcesch.lu\/de\/\" \/>\n<meta property=\"og:site_name\" content=\"Groupe Chirurgical Esch\" \/>\n<meta property=\"article:modified_time\" content=\"2025-12-01T13:32:45+00:00\" \/>\n<meta name=\"twitter:card\" content=\"summary_large_image\" \/>\n<meta name=\"twitter:label1\" content=\"Gesch\u00e4tzte Lesezeit\" \/>\n\t<meta name=\"twitter:data1\" content=\"3\u00a0Minuten\" \/>\n<script type=\"application\/ld+json\" class=\"yoast-schema-graph\">{\"@context\":\"https:\/\/schema.org\",\"@graph\":[{\"@type\":\"WebPage\",\"@id\":\"https:\/\/gcesch.lu\/de\/\",\"url\":\"https:\/\/gcesch.lu\/de\/\",\"name\":\"Groupe chirurgical Esch | Allgemeine, Plastische und \u00c4sthetische Chirurgie\",\"isPartOf\":{\"@id\":\"https:\/\/gcesch.lu\/#website\"},\"datePublished\":\"2019-02-19T14:35:33+00:00\",\"dateModified\":\"2025-12-01T13:32:45+00:00\",\"description\":\"Erfahrenen Team von Chirurgen in Luxemburg : allgemeine, endoskopische, Gef\u00e4\u00df, orthop\u00e4dische Chirurgie, plastische, \u00e4sthetische Chirurgie,..\",\"breadcrumb\":{\"@id\":\"https:\/\/gcesch.lu\/de\/#breadcrumb\"},\"inLanguage\":\"de\",\"potentialAction\":[{\"@type\":\"ReadAction\",\"target\":[\"https:\/\/gcesch.lu\/de\/\"]}]},{\"@type\":\"BreadcrumbList\",\"@id\":\"https:\/\/gcesch.lu\/de\/#breadcrumb\",\"itemListElement\":[{\"@type\":\"ListItem\",\"position\":1,\"name\":\"Accueil\",\"item\":\"https:\/\/gcesch.lu\/de\/\"},{\"@type\":\"ListItem\",\"position\":2,\"name\":\"Groupe chirurgical Esch | Allgemeine, Plastische und \u00c4sthetische Chirurgie\"}]},{\"@type\":\"WebSite\",\"@id\":\"https:\/\/gcesch.lu\/#website\",\"url\":\"https:\/\/gcesch.lu\/\",\"name\":\"Groupe Chirurgical Esch\",\"description\":\"Association de m\u00e9decins chirurgiens\",\"publisher\":{\"@id\":\"https:\/\/gcesch.lu\/#organization\"},\"potentialAction\":[{\"@type\":\"SearchAction\",\"target\":{\"@type\":\"EntryPoint\",\"urlTemplate\":\"https:\/\/gcesch.lu\/?s={search_term_string}\"},\"query-input\":{\"@type\":\"PropertyValueSpecification\",\"valueRequired\":true,\"valueName\":\"search_term_string\"}}],\"inLanguage\":\"de\"},{\"@type\":\"Organization\",\"@id\":\"https:\/\/gcesch.lu\/#organization\",\"name\":\"Groupe Chirurgical Esch\",\"url\":\"https:\/\/gcesch.lu\/\",\"logo\":{\"@type\":\"ImageObject\",\"inLanguage\":\"de\",\"@id\":\"https:\/\/gcesch.lu\/#\/schema\/logo\/image\/\",\"url\":\"https:\/\/gcesch.lu\/wp-content\/uploads\/2019\/02\/logo-GCE-1-e1551177308349.png\",\"contentUrl\":\"https:\/\/gcesch.lu\/wp-content\/uploads\/2019\/02\/logo-GCE-1-e1551177308349.png\",\"width\":700,\"height\":722,\"caption\":\"Groupe Chirurgical Esch\"},\"image\":{\"@id\":\"https:\/\/gcesch.lu\/#\/schema\/logo\/image\/\"}}]}<\/script>\n<!-- \/ Yoast SEO plugin. -->","yoast_head_json":{"title":"Groupe chirurgical Esch | Allgemeine, Plastische und \u00c4sthetische Chirurgie","description":"Erfahrenen Team von Chirurgen in Luxemburg : allgemeine, endoskopische, Gef\u00e4\u00df, orthop\u00e4dische Chirurgie, plastische, \u00e4sthetische Chirurgie,..","robots":{"index":"index","follow":"follow","max-snippet":"max-snippet:-1","max-image-preview":"max-image-preview:large","max-video-preview":"max-video-preview:-1"},"canonical":"https:\/\/gcesch.lu\/de\/","og_locale":"de_DE","og_type":"article","og_title":"Groupe chirurgical Esch | Allgemeine, Plastische und \u00c4sthetische Chirurgie","og_description":"Erfahrenen Team von Chirurgen in Luxemburg : allgemeine, endoskopische, Gef\u00e4\u00df, orthop\u00e4dische Chirurgie, plastische, \u00e4sthetische Chirurgie,..","og_url":"https:\/\/gcesch.lu\/de\/","og_site_name":"Groupe Chirurgical Esch","article_modified_time":"2025-12-01T13:32:45+00:00","twitter_card":"summary_large_image","twitter_misc":{"Gesch\u00e4tzte Lesezeit":"3\u00a0Minuten"},"schema":{"@context":"https:\/\/schema.org","@graph":[{"@type":"WebPage","@id":"https:\/\/gcesch.lu\/de\/","url":"https:\/\/gcesch.lu\/de\/","name":"Groupe chirurgical Esch | Allgemeine, Plastische und \u00c4sthetische Chirurgie","isPartOf":{"@id":"https:\/\/gcesch.lu\/#website"},"datePublished":"2019-02-19T14:35:33+00:00","dateModified":"2025-12-01T13:32:45+00:00","description":"Erfahrenen Team von Chirurgen in Luxemburg : allgemeine, endoskopische, Gef\u00e4\u00df, orthop\u00e4dische Chirurgie, plastische, \u00e4sthetische Chirurgie,..","breadcrumb":{"@id":"https:\/\/gcesch.lu\/de\/#breadcrumb"},"inLanguage":"de","potentialAction":[{"@type":"ReadAction","target":["https:\/\/gcesch.lu\/de\/"]}]},{"@type":"BreadcrumbList","@id":"https:\/\/gcesch.lu\/de\/#breadcrumb","itemListElement":[{"@type":"ListItem","position":1,"name":"Accueil","item":"https:\/\/gcesch.lu\/de\/"},{"@type":"ListItem","position":2,"name":"Groupe chirurgical Esch | Allgemeine, Plastische und \u00c4sthetische Chirurgie"}]},{"@type":"WebSite","@id":"https:\/\/gcesch.lu\/#website","url":"https:\/\/gcesch.lu\/","name":"Groupe Chirurgical Esch","description":"Association de m\u00e9decins chirurgiens","publisher":{"@id":"https:\/\/gcesch.lu\/#organization"},"potentialAction":[{"@type":"SearchAction","target":{"@type":"EntryPoint","urlTemplate":"https:\/\/gcesch.lu\/?s={search_term_string}"},"query-input":{"@type":"PropertyValueSpecification","valueRequired":true,"valueName":"search_term_string"}}],"inLanguage":"de"},{"@type":"Organization","@id":"https:\/\/gcesch.lu\/#organization","name":"Groupe Chirurgical Esch","url":"https:\/\/gcesch.lu\/","logo":{"@type":"ImageObject","inLanguage":"de","@id":"https:\/\/gcesch.lu\/#\/schema\/logo\/image\/","url":"https:\/\/gcesch.lu\/wp-content\/uploads\/2019\/02\/logo-GCE-1-e1551177308349.png","contentUrl":"https:\/\/gcesch.lu\/wp-content\/uploads\/2019\/02\/logo-GCE-1-e1551177308349.png","width":700,"height":722,"caption":"Groupe Chirurgical Esch"},"image":{"@id":"https:\/\/gcesch.lu\/#\/schema\/logo\/image\/"}}]}},"_links":{"self":[{"href":"https:\/\/gcesch.lu\/de\/wp-json\/wp\/v2\/pages\/538","targetHints":{"allow":["GET"]}}],"collection":[{"href":"https:\/\/gcesch.lu\/de\/wp-json\/wp\/v2\/pages"}],"about":[{"href":"https:\/\/gcesch.lu\/de\/wp-json\/wp\/v2\/types\/page"}],"author":[{"embeddable":true,"href":"https:\/\/gcesch.lu\/de\/wp-json\/wp\/v2\/users\/4"}],"replies":[{"embeddable":true,"href":"https:\/\/gcesch.lu\/de\/wp-json\/wp\/v2\/comments?post=538"}],"version-history":[{"count":41,"href":"https:\/\/gcesch.lu\/de\/wp-json\/wp\/v2\/pages\/538\/revisions"}],"predecessor-version":[{"id":819,"href":"https:\/\/gcesch.lu\/de\/wp-json\/wp\/v2\/pages\/538\/revisions\/819"}],"wp:attachment":[{"href":"https:\/\/gcesch.lu\/de\/wp-json\/wp\/v2\/media?parent=538"}],"curies":[{"name":"wp","href":"https:\/\/api.w.org\/{rel}","templated":true}]}}