{"id":805,"date":"2025-07-11T10:10:41","date_gmt":"2025-07-11T08:10:41","guid":{"rendered":"https:\/\/gcesch.lu\/dr-hansjorg-reimer-chirurgie\/"},"modified":"2025-12-01T14:34:37","modified_gmt":"2025-12-01T13:34:37","slug":"dr-hansjorg-reimer-chirurgie","status":"publish","type":"page","link":"https:\/\/gcesch.lu\/de\/dr-hansjorg-reimer-chirurgie\/","title":{"rendered":"Dr. Hansj\u00f6rg Reimer | Chirurgie"},"content":{"rendered":"<div class=\"wpb-content-wrapper\"><p>[vc_row css_animation=&#8220;&#8220; row_type=&#8220;row&#8220; use_row_as_full_screen_section=&#8220;no&#8220; type=&#8220;grid&#8220; angled_section=&#8220;no&#8220; text_align=&#8220;left&#8220; background_image_as_pattern=&#8220;without_pattern&#8220; row_negative_margin=&#8220;disable_negative_margin&#8220; css=&#8220;.vc_custom_1589393168219{padding-top: 10% !important;padding-bottom: 2% !important;}&#8220; z_index=&#8220;&#8220;][vc_column width=&#8220;1\/2&#8243;][vc_column_text css=&#8220;&#8220;]<\/p>\n<h1><span style=\"color: #25c4d3;\">Dr Hansj\u00f6rg Reimer<\/span><\/h1>\n<p>[\/vc_column_text][vc_empty_space height=&#8220;5px&#8220;][vc_column_text css=&#8220;&#8220;]<\/p>\n<h2>Chirurgie<\/h2>\n<p>[\/vc_column_text][\/vc_column][vc_column width=&#8220;1\/2&#8243;][\/vc_column][\/vc_row][vc_row css_animation=&#8220;&#8220; row_type=&#8220;row&#8220; use_row_as_full_screen_section=&#8220;no&#8220; type=&#8220;full_width&#8220; angled_section=&#8220;no&#8220; text_align=&#8220;left&#8220; background_image_as_pattern=&#8220;without_pattern&#8220; z_index=&#8220;&#8220; css=&#8220;.vc_custom_1589386933005{padding-bottom: 5% !important;}&#8220;][vc_column css=&#8220;.vc_custom_1594036564508{margin-top: 0px !important;border-top-width: 0px !important;padding-top: 0px !important;}&#8220;][qode_elements_holder number_of_columns=&#8220;two_columns&#8220;][qode_elements_holder_item vertical_alignment=&#8220;top&#8220; horizontal_alignment=&#8220;center&#8220; advanced_animations=&#8220;no&#8220; background_color=&#8220;#ffffff&#8220; item_padding=&#8220;15% 2%&#8220; item_padding_1280_1440=&#8220;15% 2%&#8220; item_padding_1024_1280=&#8220;15% 2%&#8220; item_padding_768_1024=&#8220;7%&#8220; item_padding_600_768=&#8220;7%&#8220; item_padding_480_600=&#8220;7%&#8220; item_padding_480=&#8220;7%&#8220;][vc_single_image image=&#8220;815&#8243; img_size=&#8220;large&#8220; alignment=&#8220;center&#8220; css=&#8220;&#8220; qode_css_animation=&#8220;&#8220;][\/qode_elements_holder_item][qode_elements_holder_item advanced_animations=&#8220;no&#8220; item_padding=&#8220;15% 15% 15% 1%&#8220; background_color=&#8220;#ffffff&#8220; item_padding_1280_1440=&#8220;15% 15% 15% 1%&#8220; item_padding_1024_1280=&#8220;15% 15% 15% 1%&#8220; item_padding_768_1024=&#8220;6%&#8220; item_padding_600_768=&#8220;6%&#8220; item_padding_480_600=&#8220;6%&#8220; item_padding_480=&#8220;6%&#8220;][vc_column_text css=&#8220;&#8220;]<\/p>\n<h2>Chirurg aus Leidenschaft \u2013 pr\u00e4zise, erfahren, menschlich<\/h2>\n<p>[\/vc_column_text][vc_empty_space height=&#8220;5px&#8220;][vc_column_text css=&#8220;&#8220;]<\/p>\n<div dir=\"ltr\">\n<div dir=\"ltr\">\n<div id=\"m_1331416719392785899ydp13df8cc3yiv9058050967yqtfd06935\">\n<p>Ich bin Facharzt f\u00fcr Chirurgie und Unfallchirurgie mit \u00fcber 30 Jahren Erfahrung und einem klaren Fokus:\u00a0<b>funktionserhaltende Gelenkchirurgie<\/b>,\u00a0<b>hochwertige Prothetik<\/b>\u00a0und die individuelle Betreuung meiner Patientinnen und Patienten \u2013 vom Alltag bis zum Spitzensport.<\/p>\n<p>&nbsp;<\/p>\n<p>Meine operativen Schwerpunkte liegen auf\u00a0<b>arthroskopischen Eingriffen an Schulter und Knie<\/b>, auf der Versorgung\u00a0<b>komplexer Frakturen insbesondere auch bei \u00e4lteren Menschen<\/b>\u00a0\u2013 zum Beispiel bei\u00a0<b>periprothetischen Br\u00fcchen<\/b>\u00a0\u2013 sowie auf dem Einsatz moderner\u00a0<b>Gelenkprothesen f\u00fcr Schulter, H\u00fcfte und Knie<\/b>.<\/p>\n<p>&nbsp;<\/p>\n<p>Als erfahrener\u00a0<b>Sportmediziner<\/b>\u00a0begleite ich auch sportlich aktive Menschen mit Blick auf schnelle, nachhaltige Heilung und individuelle Belastbarkeit.<\/p>\n<p>&nbsp;<\/p>\n<p>Neben der Chirurgie bin ich seit vielen Jahren als\u00a0<b>medizinischer Gutachter<\/b>\u00a0t\u00e4tig \u2013 sachlich, unabh\u00e4ngig und mit einem Auge f\u00fcrs Detail.<\/p>\n<p>&nbsp;<\/p>\n<p>Ein besonderes Anliegen ist mir dar\u00fcber hinaus das\u00a0<b>gesellschaftliche Engagement f\u00fcrs Blutspenden<\/b>, das ich \u00fcber meine Mitgliedschaft im Rotary Luxemburg Kiem \u00f6ffentlich unterst\u00fctze.<\/p>\n<\/div>\n<\/div>\n<\/div>\n<p>[\/vc_column_text][vc_empty_space][vc_column_text css=&#8220;&#8220;]<\/p>\n<h2>Lebenslauf<\/h2>\n<p>[\/vc_column_text][vc_empty_space height=&#8220;5px&#8220;][vc_column_text css=&#8220;&#8220;]<a href=\"https:\/\/gcesch.lu\/wp-content\/uploads\/2025\/07\/CV-Dr-Reimer.docx\" target=\"_blank\" rel=\"noopener\">Lebenslauf herunterladen<\/a>[\/vc_column_text][\/qode_elements_holder_item][\/qode_elements_holder][vc_raw_html]JTNDYSUyMG5hbWUlM0QlMjJlc2NoJTIyJTNFJTNDJTJGYSUzRSUyMCUwQQ==[\/vc_raw_html][\/vc_column][\/vc_row]<\/p>\n<\/div>","protected":false},"excerpt":{"rendered":"<p>[vc_row css_animation=&#8220;&#8220; row_type=&#8220;row&#8220; use_row_as_full_screen_section=&#8220;no&#8220; type=&#8220;grid&#8220; angled_section=&#8220;no&#8220; text_align=&#8220;left&#8220; background_image_as_pattern=&#8220;without_pattern&#8220; row_negative_margin=&#8220;disable_negative_margin&#8220; css=&#8220;.vc_custom_1589393168219{padding-top: 10% !important;padding-bottom: 2% !important;}&#8220; z_index=&#8220;&#8220;][vc_column width=&#8220;1\/2&#8243;][vc_column_text css=&#8220;&#8220;] Dr Hansj\u00f6rg Reimer [\/vc_column_text][vc_empty_space height=&#8220;5px&#8220;][vc_column_text css=&#8220;&#8220;] Chirurgie [\/vc_column_text][\/vc_column][vc_column width=&#8220;1\/2&#8243;][\/vc_column][\/vc_row][vc_row css_animation=&#8220;&#8220; row_type=&#8220;row&#8220; use_row_as_full_screen_section=&#8220;no&#8220; type=&#8220;full_width&#8220; angled_section=&#8220;no&#8220; text_align=&#8220;left&#8220; background_image_as_pattern=&#8220;without_pattern&#8220; z_index=&#8220;&#8220; css=&#8220;.vc_custom_1589386933005{padding-bottom: 5% !important;}&#8220;][vc_column css=&#8220;.vc_custom_1594036564508{margin-top: 0px !important;border-top-width: 0px !important;padding-top: 0px !important;}&#8220;][qode_elements_holder number_of_columns=&#8220;two_columns&#8220;][qode_elements_holder_item&#8230;<\/p>\n","protected":false},"author":4,"featured_media":0,"parent":0,"menu_order":0,"comment_status":"closed","ping_status":"closed","template":"","meta":{"content-type":"","footnotes":""},"class_list":["post-805","page","type-page","status-publish","hentry"],"yoast_head":"<!-- This site is optimized with the Yoast SEO plugin v23.8 - https:\/\/yoast.com\/wordpress\/plugins\/seo\/ -->\n<title>Dr. Hansj\u00f6rg Reimer | Chirurgie<\/title>\n<meta name=\"description\" content=\"Dr Arman Ivoghli, M\u00e9decin sp\u00e9cialiste en chirurgie plastique et esth\u00e9tique, Groupe chirgurical Esch. Am\u00e9lioration du corps en conservant l\u2019aspect naturel.\" \/>\n<meta name=\"robots\" content=\"index, follow, max-snippet:-1, max-image-preview:large, max-video-preview:-1\" \/>\n<link rel=\"canonical\" href=\"https:\/\/gcesch.lu\/de\/dr-hansjorg-reimer-chirurgie\/\" \/>\n<meta property=\"og:locale\" content=\"de_DE\" \/>\n<meta property=\"og:type\" content=\"article\" \/>\n<meta property=\"og:title\" content=\"Dr. Hansj\u00f6rg Reimer | Chirurgie\" \/>\n<meta property=\"og:description\" content=\"Dr Arman Ivoghli, M\u00e9decin sp\u00e9cialiste en chirurgie plastique et esth\u00e9tique, Groupe chirgurical Esch. Am\u00e9lioration du corps en conservant l\u2019aspect naturel.\" \/>\n<meta property=\"og:url\" content=\"https:\/\/gcesch.lu\/de\/dr-hansjorg-reimer-chirurgie\/\" \/>\n<meta property=\"og:site_name\" content=\"Groupe Chirurgical Esch\" \/>\n<meta property=\"article:modified_time\" content=\"2025-12-01T13:34:37+00:00\" \/>\n<meta name=\"twitter:card\" content=\"summary_large_image\" \/>\n<meta name=\"twitter:label1\" content=\"Gesch\u00e4tzte Lesezeit\" \/>\n\t<meta name=\"twitter:data1\" content=\"2\u00a0Minuten\" \/>\n<script type=\"application\/ld+json\" class=\"yoast-schema-graph\">{\"@context\":\"https:\/\/schema.org\",\"@graph\":[{\"@type\":\"WebPage\",\"@id\":\"https:\/\/gcesch.lu\/de\/dr-hansjorg-reimer-chirurgie\/\",\"url\":\"https:\/\/gcesch.lu\/de\/dr-hansjorg-reimer-chirurgie\/\",\"name\":\"Dr. Hansj\u00f6rg Reimer | Chirurgie\",\"isPartOf\":{\"@id\":\"https:\/\/gcesch.lu\/#website\"},\"datePublished\":\"2025-07-11T08:10:41+00:00\",\"dateModified\":\"2025-12-01T13:34:37+00:00\",\"description\":\"Dr Arman Ivoghli, M\u00e9decin sp\u00e9cialiste en chirurgie plastique et esth\u00e9tique, Groupe chirgurical Esch. Am\u00e9lioration du corps en conservant l\u2019aspect naturel.\",\"breadcrumb\":{\"@id\":\"https:\/\/gcesch.lu\/de\/dr-hansjorg-reimer-chirurgie\/#breadcrumb\"},\"inLanguage\":\"de\",\"potentialAction\":[{\"@type\":\"ReadAction\",\"target\":[\"https:\/\/gcesch.lu\/de\/dr-hansjorg-reimer-chirurgie\/\"]}]},{\"@type\":\"BreadcrumbList\",\"@id\":\"https:\/\/gcesch.lu\/de\/dr-hansjorg-reimer-chirurgie\/#breadcrumb\",\"itemListElement\":[{\"@type\":\"ListItem\",\"position\":1,\"name\":\"Accueil\",\"item\":\"https:\/\/gcesch.lu\/de\/\"},{\"@type\":\"ListItem\",\"position\":2,\"name\":\"Dr. Hansj\u00f6rg Reimer | Chirurgie\"}]},{\"@type\":\"WebSite\",\"@id\":\"https:\/\/gcesch.lu\/#website\",\"url\":\"https:\/\/gcesch.lu\/\",\"name\":\"Groupe Chirurgical Esch\",\"description\":\"Association de m\u00e9decins chirurgiens\",\"publisher\":{\"@id\":\"https:\/\/gcesch.lu\/#organization\"},\"potentialAction\":[{\"@type\":\"SearchAction\",\"target\":{\"@type\":\"EntryPoint\",\"urlTemplate\":\"https:\/\/gcesch.lu\/?s={search_term_string}\"},\"query-input\":{\"@type\":\"PropertyValueSpecification\",\"valueRequired\":true,\"valueName\":\"search_term_string\"}}],\"inLanguage\":\"de\"},{\"@type\":\"Organization\",\"@id\":\"https:\/\/gcesch.lu\/#organization\",\"name\":\"Groupe Chirurgical Esch\",\"url\":\"https:\/\/gcesch.lu\/\",\"logo\":{\"@type\":\"ImageObject\",\"inLanguage\":\"de\",\"@id\":\"https:\/\/gcesch.lu\/#\/schema\/logo\/image\/\",\"url\":\"https:\/\/gcesch.lu\/wp-content\/uploads\/2019\/02\/logo-GCE-1-e1551177308349.png\",\"contentUrl\":\"https:\/\/gcesch.lu\/wp-content\/uploads\/2019\/02\/logo-GCE-1-e1551177308349.png\",\"width\":700,\"height\":722,\"caption\":\"Groupe Chirurgical Esch\"},\"image\":{\"@id\":\"https:\/\/gcesch.lu\/#\/schema\/logo\/image\/\"}}]}<\/script>\n<!-- \/ Yoast SEO plugin. -->","yoast_head_json":{"title":"Dr. Hansj\u00f6rg Reimer | Chirurgie","description":"Dr Arman Ivoghli, M\u00e9decin sp\u00e9cialiste en chirurgie plastique et esth\u00e9tique, Groupe chirgurical Esch. Am\u00e9lioration du corps en conservant l\u2019aspect naturel.","robots":{"index":"index","follow":"follow","max-snippet":"max-snippet:-1","max-image-preview":"max-image-preview:large","max-video-preview":"max-video-preview:-1"},"canonical":"https:\/\/gcesch.lu\/de\/dr-hansjorg-reimer-chirurgie\/","og_locale":"de_DE","og_type":"article","og_title":"Dr. Hansj\u00f6rg Reimer | Chirurgie","og_description":"Dr Arman Ivoghli, M\u00e9decin sp\u00e9cialiste en chirurgie plastique et esth\u00e9tique, Groupe chirgurical Esch. Am\u00e9lioration du corps en conservant l\u2019aspect naturel.","og_url":"https:\/\/gcesch.lu\/de\/dr-hansjorg-reimer-chirurgie\/","og_site_name":"Groupe Chirurgical Esch","article_modified_time":"2025-12-01T13:34:37+00:00","twitter_card":"summary_large_image","twitter_misc":{"Gesch\u00e4tzte Lesezeit":"2\u00a0Minuten"},"schema":{"@context":"https:\/\/schema.org","@graph":[{"@type":"WebPage","@id":"https:\/\/gcesch.lu\/de\/dr-hansjorg-reimer-chirurgie\/","url":"https:\/\/gcesch.lu\/de\/dr-hansjorg-reimer-chirurgie\/","name":"Dr. Hansj\u00f6rg Reimer | Chirurgie","isPartOf":{"@id":"https:\/\/gcesch.lu\/#website"},"datePublished":"2025-07-11T08:10:41+00:00","dateModified":"2025-12-01T13:34:37+00:00","description":"Dr Arman Ivoghli, M\u00e9decin sp\u00e9cialiste en chirurgie plastique et esth\u00e9tique, Groupe chirgurical Esch. Am\u00e9lioration du corps en conservant l\u2019aspect naturel.","breadcrumb":{"@id":"https:\/\/gcesch.lu\/de\/dr-hansjorg-reimer-chirurgie\/#breadcrumb"},"inLanguage":"de","potentialAction":[{"@type":"ReadAction","target":["https:\/\/gcesch.lu\/de\/dr-hansjorg-reimer-chirurgie\/"]}]},{"@type":"BreadcrumbList","@id":"https:\/\/gcesch.lu\/de\/dr-hansjorg-reimer-chirurgie\/#breadcrumb","itemListElement":[{"@type":"ListItem","position":1,"name":"Accueil","item":"https:\/\/gcesch.lu\/de\/"},{"@type":"ListItem","position":2,"name":"Dr. Hansj\u00f6rg Reimer | Chirurgie"}]},{"@type":"WebSite","@id":"https:\/\/gcesch.lu\/#website","url":"https:\/\/gcesch.lu\/","name":"Groupe Chirurgical Esch","description":"Association de m\u00e9decins chirurgiens","publisher":{"@id":"https:\/\/gcesch.lu\/#organization"},"potentialAction":[{"@type":"SearchAction","target":{"@type":"EntryPoint","urlTemplate":"https:\/\/gcesch.lu\/?s={search_term_string}"},"query-input":{"@type":"PropertyValueSpecification","valueRequired":true,"valueName":"search_term_string"}}],"inLanguage":"de"},{"@type":"Organization","@id":"https:\/\/gcesch.lu\/#organization","name":"Groupe Chirurgical Esch","url":"https:\/\/gcesch.lu\/","logo":{"@type":"ImageObject","inLanguage":"de","@id":"https:\/\/gcesch.lu\/#\/schema\/logo\/image\/","url":"https:\/\/gcesch.lu\/wp-content\/uploads\/2019\/02\/logo-GCE-1-e1551177308349.png","contentUrl":"https:\/\/gcesch.lu\/wp-content\/uploads\/2019\/02\/logo-GCE-1-e1551177308349.png","width":700,"height":722,"caption":"Groupe Chirurgical Esch"},"image":{"@id":"https:\/\/gcesch.lu\/#\/schema\/logo\/image\/"}}]}},"_links":{"self":[{"href":"https:\/\/gcesch.lu\/de\/wp-json\/wp\/v2\/pages\/805","targetHints":{"allow":["GET"]}}],"collection":[{"href":"https:\/\/gcesch.lu\/de\/wp-json\/wp\/v2\/pages"}],"about":[{"href":"https:\/\/gcesch.lu\/de\/wp-json\/wp\/v2\/types\/page"}],"author":[{"embeddable":true,"href":"https:\/\/gcesch.lu\/de\/wp-json\/wp\/v2\/users\/4"}],"replies":[{"embeddable":true,"href":"https:\/\/gcesch.lu\/de\/wp-json\/wp\/v2\/comments?post=805"}],"version-history":[{"count":4,"href":"https:\/\/gcesch.lu\/de\/wp-json\/wp\/v2\/pages\/805\/revisions"}],"predecessor-version":[{"id":820,"href":"https:\/\/gcesch.lu\/de\/wp-json\/wp\/v2\/pages\/805\/revisions\/820"}],"wp:attachment":[{"href":"https:\/\/gcesch.lu\/de\/wp-json\/wp\/v2\/media?parent=805"}],"curies":[{"name":"wp","href":"https:\/\/api.w.org\/{rel}","templated":true}]}}